{"id":704,"date":"2023-01-30T20:36:02","date_gmt":"2023-01-30T20:36:02","guid":{"rendered":"https:\/\/clinicadeladultomayor.com\/?page_id=704"},"modified":"2024-02-23T14:55:12","modified_gmt":"2024-02-23T14:55:12","slug":"inicio","status":"publish","type":"page","link":"https:\/\/clinicadeladultomayor.com\/en\/","title":{"rendered":"Home"},"content":{"rendered":"<h2>BECAUSE THEY DESERVE<\/h2><span\n\n<h2>THE BEST SERVICE\n<\/h2>\n\n\n<p style=\"color: rgb(255, 255, 255); font-family: 'Poppins';font-size: 18px;\">Performs a complete health check-up<\/p>\n\n\n\n\n\n\n\n\n\n\n\n\n\n\n\n<link href=\"https:\/\/fonts.googleapis.com\/css?family=Poppins\" rel=\"stylesheet\">\n<p style=\"color: rgb(255, 255, 255); font-family: 'Poppins';font-size: 20px; text-align: center;\">\u00abAcompa\u00f1\u00e1ndote hacia un envejecimiento \nactivo y saludable\u00bb<\/p>\n\n\n\n\n\n\n\n\n\n\n<h3>Who are we?\n<\/h3>\n\n\n<p style=\"color: black; font-family: 'Poppins';font-size: 18px;\">We are a team of healthcare professionals interested in providing our patients with comprehensive \ngeriatric care. Our goal is to offer solutions to the most common concerns regarding the care of the \nelderly. By making content available that helps to promote, prevent, inform, and educate both \nfamily members and the elderly about comprehensive geriatric care across our various digital \nchannels, all under the guidance of our leading physician, Dr. Evelyn Henr\u00edquez Valle.<\/p>\n\n\n\n\n\n\n\n\n<h3>OUR SERVICES\n<\/h3>\n\n\n\n\n\n\n\n\n\n<h4>HOME CONSULTATION\n<\/h4>\n\n\n<p style=\"text-align: center; color: black; font-family: 'Poppins';font-size: 18px;\">An evaluation and diagnosis of acute, chronic, and infectious diseases are performed to provide \ntreatment and home rehabilitation. \n<\/p>\n\n\n\n\n\n<h4>COMPREHENSIVE GERIATRIC ASSESSMENT\n<\/h4>\n\n\n\n<strong>Geriatric consultation in clinic:<\/strong> We perform a comprehensive health evaluation of our \npatients to design a preventive, therapeutic, and rehabilitation plan.\n\n\n<strong>Geriatric consultation through home visit:<\/strong> An evaluation and diagnosis of acute, chronic, and infectious diseases are performed to provide \ntreatment and home rehabilitation.\n\n\n<strong>Telemedicine:<\/strong> Geriatric consultation via video call for the elderly.\n\n\n\n\n\n\n<h4>MEDICAL PROCEDURES\n<\/h4>\n\n\n\nPeque\u00f1a cirug\u00eda: onicectom\u00eda, suturas, abscesos, otros.\n\n\nCuraciones de heridas, \u00falceras y pie diab\u00e9tico.\n\n\nColocaci\u00f3n de sondas nasog\u00e1stricas o transuretral.\n\n\n\n\n\n\n\n\n\n\n\n\n\n\n\n\n\n<h4>HOSPITALIZATION \n<\/h4>\n\n\n<p style=\"text-align: center; color: black; font-family: 'Poppins';font-size: 18px;\">Home hospitalization or in private network hospitals. \n \n<\/p>\n\n\n\n\n\n<h4>INTRAVENOUS TREATMENT\n<\/h4>\n\n\n\nCanalizaci\u00f3n endovenosa.\n\n\nColocaci\u00f3n de sueros vitaminados medicamentos endovenosos.\n\n\n\n\n\n\n<h4>FISIOTERAPIA \n<\/h4>\n\n\n<p style=\"text-align: center; color: black; font-family: 'Poppins';font-size: 18px;\">We perform physical therapy to treat and prevent various ailment<\/p>\n\n\n\n\n\n\n\n\n\n\n\n\n\n<link href=\"https:\/\/fonts.googleapis.com\/css?family=Poppins\" rel=\"stylesheet\">\n<p style=\"color: rgb(255, 255, 255); font-family: 'Poppins';font-size: 30px; text-align: center;\">LEARN MORE ABOUT US<\/p>\n\n\n\n\n\n\n\n\n\n\n\n<h3>DR. EVELYN HENR\u00cdQUEZ VALLE\n<\/h3>\n\n\n<p style=\"color: black; font-family: 'Poppins';font-size: 18px;\">She is a Geriatrician and Gerontologist. She earned her Doctorate of Medicine at the Universidad \nDr. Jos\u00e9 Mat\u00edas Delgado. Even before beginning her university studies, she showed interest in the \ncare and attention of Older Adults, performing social hours and volunteering at Geriatric \nResidences during her high school years and throughout her university education. Her interest in \nproviding quality care to older adults led her to specialize in the field of Geriatrics and Gerontology \n \nat the Universidad Galileo in the Republic of Guatemala, achieving an outstanding CUM LAUDE \nperformance.\n<\/p>\n\n\n\n\n\n\n\n\n\n\n<p style=\"color: black; font-family: 'Poppins';font-size: 18px;\">In the workplace, she has extensive experience in the management and care of older adults, \nhaving worked as a physician in geriatric residences, companies that provide care and \ncompanionship services for the elderly, among others.<br><br>\nThroughout the time she has worked closely with older adults, she noticed that in our country, like \nmany others in Latin America, proper attention is not given to the elderly. This led her to develop \nthe project \"Senior Citizen Clinic,\" which is now a reality. Her main goal is to provide \ncomprehensive geriatric care to older adults and their families. In addition to highlighting the \nimportance of older adults in society and the academic need to educate healthcare personnel \n(doctors, nurses, psychologists, etc.) to treat older people properly. <strong>\u201cCl\u00ednica del Adulto Mayor\u201d<\/strong>, el cual ahora es una realidad. Su objetivo principal es brindar una atenci\u00f3n geri\u00e1trica integral a los adultos mayores y sus familias. Adem\u00e1s de visibilizar la importancia que tienen los adultos mayores en la sociedad y la necesidad que hay a nivel acad\u00e9mico de educar a personal de servicios de salud (M\u00e9dicos, enfermer\u00eda, psicolog\u00eda, etc.), para dar un trato adecuado a las personas mayores.\n<\/p>\n\n\n\n\n\n\n\n\n\n\n\n\n\n\n<h3>MISSION\n<\/h3>\n\n\n<p style=\"color: white; font-family: Poppins; font-size: 18px; text-align: center;\">To provide a comprehensive, personalized, and quality of life service to older adults and their \nfamilies, covering all their socio-health needs through efficient management of available resources, \nwith the individual being the center of our actions.\n<\/p>\n\n\n\n\n<h3>VISION\n<\/h3>\n\n\n<p style=\"color: white; font-family: Poppins; font-size: 18px; text-align: center;\">To be a nationally recognized clinic for providing optimal care to older adults, taking into account \ntheir health, social, physical, and psychological needs. Additionally, to be recognized for informing, \npromoting, and raising awareness about the care of older adults. \n<\/p>\n\n\n\n\n\n\n\n\n<link href=\"https:\/\/fonts.googleapis.com\/css?family=Poppins\" rel=\"stylesheet\">\n<p style=\"color:#04346c ; font-family: 'Poppins';font-size: 30px; text-align: center;\"><strong>OUR VALUES<\/strong>\n<\/p>\n\n\n\n\n\n\n\n\n\n\n\n\n\n\n\n\n\n\n\n\n\n\n\n\n\n<p style=\"color: black; font-family: Poppins; font-size: 18px; text-align: center;\">For all their care and love, they deserve the best attention, let us take care of them.\n<\/p>\n\n\n\n\n\n\n\n\n\n\n\n\n<link href=\"https:\/\/fonts.googleapis.com\/css?family=Poppins\" rel=\"stylesheet\">\n<p style=\"color:#04346c ; font-family: 'Poppins';font-size: 30px; text-align: center;\"><strong>OUR LOCATION\n<\/strong>\n<\/p>\n\n\n<p style=\"color: black; font-family: Poppins; font-size: 18px; text-align: center;\">39 Avenida Sur, Calle Montserrat, Colonia Montserrat N\u00b0 205, San Salvador<\/p>\n\n\n\n\n\n\nCl\u00ednica del Adulto Mayor","protected":false},"excerpt":{"rendered":"","protected":false},"author":10,"featured_media":0,"parent":0,"menu_order":0,"comment_status":"closed","ping_status":"closed","template":"","meta":{"pagelayer_contact_templates":[],"_pagelayer_content":"","footnotes":""},"class_list":["post-704","page","type-page","status-publish","hentry"],"yoast_head":"<!-- This site is optimized with the Yoast SEO plugin v27.4 - https:\/\/yoast.com\/product\/yoast-seo-wordpress\/ -->\n<title>Geriatras en El Salvador | Cl\u00ednica del adulto mayor<\/title>\n<meta name=\"description\" content=\"M\u00e9dicos en El Salvador para tratar la demencia senil, Alzheimer, Parkinson, Diabetes, Hipertensi\u00f3n, Ansiedad, Quemaduras, Incontinencia. \u00a1Encuentra el tratamiento adecuado!\" \/>\n<meta name=\"robots\" content=\"index, follow, max-snippet:-1, max-image-preview:large, max-video-preview:-1\" \/>\n<link rel=\"canonical\" href=\"https:\/\/clinicadeladultomayor.com\/en\/\" \/>\n<meta property=\"og:locale\" content=\"en_US\" \/>\n<meta property=\"og:type\" content=\"article\" \/>\n<meta property=\"og:title\" content=\"Geriatras en El Salvador | Cl\u00ednica del adulto mayor\" \/>\n<meta property=\"og:description\" content=\"M\u00e9dicos en El Salvador para tratar la demencia senil, Alzheimer, Parkinson, Diabetes, Hipertensi\u00f3n, Ansiedad, Quemaduras, Incontinencia. \u00a1Encuentra el tratamiento adecuado!\" \/>\n<meta property=\"og:url\" content=\"https:\/\/clinicadeladultomayor.com\/en\/\" \/>\n<meta property=\"og:site_name\" content=\"Cl\u00ednica del adulto mayor\" \/>\n<meta property=\"article:modified_time\" content=\"2024-02-23T14:55:12+00:00\" \/>\n<meta name=\"twitter:card\" content=\"summary_large_image\" \/>\n<meta name=\"twitter:label1\" content=\"Est. reading time\" \/>\n\t<meta name=\"twitter:data1\" content=\"3 minutes\" \/>\n<script type=\"application\/ld+json\" class=\"yoast-schema-graph\">{\"@context\":\"https:\\\/\\\/schema.org\",\"@graph\":[{\"@type\":\"WebPage\",\"@id\":\"https:\\\/\\\/clinicadeladultomayor.com\\\/\",\"url\":\"https:\\\/\\\/clinicadeladultomayor.com\\\/\",\"name\":\"Geriatras en El Salvador | Cl\u00ednica del adulto mayor\",\"isPartOf\":{\"@id\":\"https:\\\/\\\/clinicadeladultomayor.com\\\/#website\"},\"datePublished\":\"2023-01-30T20:36:02+00:00\",\"dateModified\":\"2024-02-23T14:55:12+00:00\",\"description\":\"M\u00e9dicos en El Salvador para tratar la demencia senil, Alzheimer, Parkinson, Diabetes, Hipertensi\u00f3n, Ansiedad, Quemaduras, Incontinencia. \u00a1Encuentra el tratamiento adecuado!\",\"breadcrumb\":{\"@id\":\"https:\\\/\\\/clinicadeladultomayor.com\\\/#breadcrumb\"},\"inLanguage\":\"en-US\",\"potentialAction\":[{\"@type\":\"ReadAction\",\"target\":[\"https:\\\/\\\/clinicadeladultomayor.com\\\/\"]}]},{\"@type\":\"BreadcrumbList\",\"@id\":\"https:\\\/\\\/clinicadeladultomayor.com\\\/#breadcrumb\",\"itemListElement\":[{\"@type\":\"ListItem\",\"position\":1,\"name\":\"Portada\",\"item\":\"https:\\\/\\\/clinicadeladultomayor.com\\\/\"},{\"@type\":\"ListItem\",\"position\":2,\"name\":\"Inicio\"}]},{\"@type\":\"WebSite\",\"@id\":\"https:\\\/\\\/clinicadeladultomayor.com\\\/#website\",\"url\":\"https:\\\/\\\/clinicadeladultomayor.com\\\/\",\"name\":\"Cl\u00ednica del adulto mayor\",\"description\":\"Clinica geriatrica especializada en la atenci\u00f3n del adulto mayor en El Salvador. Acompa\u00f1andote hacia una vejez activa y saludable.\",\"publisher\":{\"@id\":\"https:\\\/\\\/clinicadeladultomayor.com\\\/#organization\"},\"potentialAction\":[{\"@type\":\"SearchAction\",\"target\":{\"@type\":\"EntryPoint\",\"urlTemplate\":\"https:\\\/\\\/clinicadeladultomayor.com\\\/?s={search_term_string}\"},\"query-input\":{\"@type\":\"PropertyValueSpecification\",\"valueRequired\":true,\"valueName\":\"search_term_string\"}}],\"inLanguage\":\"en-US\"},{\"@type\":\"Organization\",\"@id\":\"https:\\\/\\\/clinicadeladultomayor.com\\\/#organization\",\"name\":\"Cl\u00ednica del adulto mayor\",\"url\":\"https:\\\/\\\/clinicadeladultomayor.com\\\/\",\"logo\":{\"@type\":\"ImageObject\",\"inLanguage\":\"en-US\",\"@id\":\"https:\\\/\\\/clinicadeladultomayor.com\\\/#\\\/schema\\\/logo\\\/image\\\/\",\"url\":\"https:\\\/\\\/clinicadeladultomayor.com\\\/wp-content\\\/uploads\\\/2022\\\/05\\\/LOGO-CLINICA-DEL-ADULTO-MAYOR-LETRAS-TURQUESAS.png\",\"contentUrl\":\"https:\\\/\\\/clinicadeladultomayor.com\\\/wp-content\\\/uploads\\\/2022\\\/05\\\/LOGO-CLINICA-DEL-ADULTO-MAYOR-LETRAS-TURQUESAS.png\",\"width\":1200,\"height\":1200,\"caption\":\"Cl\u00ednica del adulto mayor\"},\"image\":{\"@id\":\"https:\\\/\\\/clinicadeladultomayor.com\\\/#\\\/schema\\\/logo\\\/image\\\/\"}}]}<\/script>\n<!-- \/ Yoast SEO plugin. -->","yoast_head_json":{"title":"Geriatras en El Salvador | Cl\u00ednica del adulto mayor","description":"M\u00e9dicos en El Salvador para tratar la demencia senil, Alzheimer, Parkinson, Diabetes, Hipertensi\u00f3n, Ansiedad, Quemaduras, Incontinencia. \u00a1Encuentra el tratamiento adecuado!","robots":{"index":"index","follow":"follow","max-snippet":"max-snippet:-1","max-image-preview":"max-image-preview:large","max-video-preview":"max-video-preview:-1"},"canonical":"https:\/\/clinicadeladultomayor.com\/en\/","og_locale":"en_US","og_type":"article","og_title":"Geriatras en El Salvador | Cl\u00ednica del adulto mayor","og_description":"M\u00e9dicos en El Salvador para tratar la demencia senil, Alzheimer, Parkinson, Diabetes, Hipertensi\u00f3n, Ansiedad, Quemaduras, Incontinencia. \u00a1Encuentra el tratamiento adecuado!","og_url":"https:\/\/clinicadeladultomayor.com\/en\/","og_site_name":"Cl\u00ednica del adulto mayor","article_modified_time":"2024-02-23T14:55:12+00:00","twitter_card":"summary_large_image","twitter_misc":{"Est. reading time":"3 minutes"},"schema":{"@context":"https:\/\/schema.org","@graph":[{"@type":"WebPage","@id":"https:\/\/clinicadeladultomayor.com\/","url":"https:\/\/clinicadeladultomayor.com\/","name":"Geriatras en El Salvador | Cl\u00ednica del adulto mayor","isPartOf":{"@id":"https:\/\/clinicadeladultomayor.com\/#website"},"datePublished":"2023-01-30T20:36:02+00:00","dateModified":"2024-02-23T14:55:12+00:00","description":"M\u00e9dicos en El Salvador para tratar la demencia senil, Alzheimer, Parkinson, Diabetes, Hipertensi\u00f3n, Ansiedad, Quemaduras, Incontinencia. \u00a1Encuentra el tratamiento adecuado!","breadcrumb":{"@id":"https:\/\/clinicadeladultomayor.com\/#breadcrumb"},"inLanguage":"en-US","potentialAction":[{"@type":"ReadAction","target":["https:\/\/clinicadeladultomayor.com\/"]}]},{"@type":"BreadcrumbList","@id":"https:\/\/clinicadeladultomayor.com\/#breadcrumb","itemListElement":[{"@type":"ListItem","position":1,"name":"Portada","item":"https:\/\/clinicadeladultomayor.com\/"},{"@type":"ListItem","position":2,"name":"Inicio"}]},{"@type":"WebSite","@id":"https:\/\/clinicadeladultomayor.com\/#website","url":"https:\/\/clinicadeladultomayor.com\/","name":"Cl\u00ednica del adulto mayor","description":"Clinica geriatrica especializada en la atenci\u00f3n del adulto mayor en El Salvador. Acompa\u00f1andote hacia una vejez activa y saludable.","publisher":{"@id":"https:\/\/clinicadeladultomayor.com\/#organization"},"potentialAction":[{"@type":"SearchAction","target":{"@type":"EntryPoint","urlTemplate":"https:\/\/clinicadeladultomayor.com\/?s={search_term_string}"},"query-input":{"@type":"PropertyValueSpecification","valueRequired":true,"valueName":"search_term_string"}}],"inLanguage":"en-US"},{"@type":"Organization","@id":"https:\/\/clinicadeladultomayor.com\/#organization","name":"Cl\u00ednica del adulto mayor","url":"https:\/\/clinicadeladultomayor.com\/","logo":{"@type":"ImageObject","inLanguage":"en-US","@id":"https:\/\/clinicadeladultomayor.com\/#\/schema\/logo\/image\/","url":"https:\/\/clinicadeladultomayor.com\/wp-content\/uploads\/2022\/05\/LOGO-CLINICA-DEL-ADULTO-MAYOR-LETRAS-TURQUESAS.png","contentUrl":"https:\/\/clinicadeladultomayor.com\/wp-content\/uploads\/2022\/05\/LOGO-CLINICA-DEL-ADULTO-MAYOR-LETRAS-TURQUESAS.png","width":1200,"height":1200,"caption":"Cl\u00ednica del adulto mayor"},"image":{"@id":"https:\/\/clinicadeladultomayor.com\/#\/schema\/logo\/image\/"}}]}},"_links":{"self":[{"href":"https:\/\/clinicadeladultomayor.com\/en\/wp-json\/wp\/v2\/pages\/704","targetHints":{"allow":["GET"]}}],"collection":[{"href":"https:\/\/clinicadeladultomayor.com\/en\/wp-json\/wp\/v2\/pages"}],"about":[{"href":"https:\/\/clinicadeladultomayor.com\/en\/wp-json\/wp\/v2\/types\/page"}],"author":[{"embeddable":true,"href":"https:\/\/clinicadeladultomayor.com\/en\/wp-json\/wp\/v2\/users\/10"}],"replies":[{"embeddable":true,"href":"https:\/\/clinicadeladultomayor.com\/en\/wp-json\/wp\/v2\/comments?post=704"}],"version-history":[{"count":79,"href":"https:\/\/clinicadeladultomayor.com\/en\/wp-json\/wp\/v2\/pages\/704\/revisions"}],"predecessor-version":[{"id":1427,"href":"https:\/\/clinicadeladultomayor.com\/en\/wp-json\/wp\/v2\/pages\/704\/revisions\/1427"}],"wp:attachment":[{"href":"https:\/\/clinicadeladultomayor.com\/en\/wp-json\/wp\/v2\/media?parent=704"}],"curies":[{"name":"wp","href":"https:\/\/api.w.org\/{rel}","templated":true}]}}